{"id":1240,"date":"2022-09-07T14:53:40","date_gmt":"2022-09-07T14:53:40","guid":{"rendered":"https:\/\/sperzelhp.de\/?page_id=1240"},"modified":"2025-09-08T16:39:50","modified_gmt":"2025-09-08T16:39:50","slug":"aktuell","status":"publish","type":"page","link":"https:\/\/sperzelhp.de\/?page_id=1240","title":{"rendered":"Aktuell"},"content":{"rendered":"\n<p>                      <\/p>\n\n\n\n<p><strong>Aktuelle Informationen und Hinweise:<br \/>aktualisiert am<\/strong> <strong>08. Sep 2025<\/strong><\/p>\n<p>Einzelunterricht ist nach R\u00fccksprache wieder m\u00f6glich.<\/p>\n<p>Die M\u00f6glichkeit, \u00fcber Jit.si-meet zu einem Gespr\u00e4ch mit mir und zusammenzukommen, bleibt auch weiterhin bestehen. Bitte kontaktieren Sie mich dazu zun\u00e4chst \u00fcber ein Kontaktformular. Ich \u00fcbersende dann Link und Termin.<\/p>\n<p>Bitte benutzen Sie daf\u00fcr die auf jeder Seite angef\u00fcgte Kommentarfunktion zur Kontaktaufnahme. Ich rufe in jedem Fall zur\u00fcck oder melde mich via E-Mail. Ein Kommentar muss vor einer Ver\u00f6ffentlichung von mir freigeschaltet werden. Bei der Verwendung als Kontakt wird dieser selbstverst\u00e4ndlich nach Ansicht gel\u00f6scht.<\/p>\n<p>Meine <strong>AUSFALLZEITEN:<\/strong><\/p>\n<p>An den angezeigten Tagen in 2025 wird der Unterricht am Montag ab 20:15 Uhr bei <strong><a href=\"https:\/\/www.shiva-yoga.de\/\" target=\"_blank\" rel=\"noopener\">Shiva-Yoga in Frankfurt<\/a><\/strong> nicht durch mich, sondern durch eine Vertretung stattfinden oder ausfallen. Bitte beachten Sie die Ank\u00fcndigungen durch das Shiva-Yoga-Studio.<\/p>\n<p>Die gleichen Ausfalltermine gelten f\u00fcr meine \u00dcbungsstunden bei der <strong>TG Hochhe<\/strong>im. [Do 09:15 \u2013 10:15 (Faszien); Do 10:45 \u2013 12:15 (Yoga f\u00fcr Einsteiger); Do 20:00 -21:30 (M\u00e4nner Gymnastik); Fr 19:30 \u2013 21:30 (Yoga f\u00fcr Fortgeschrittene)]. Sollten die Stunden nicht vertreten werden k\u00f6nnen,\u00a0 fallen sie vollst\u00e4ndig aus. Ich werde die Gruppen zeitnah informieren (Mail).<br \/>Eine Teilnahme und Anmeldung f\u00fcr diese \u00dcbungsstunden kann ausschlie\u00dflich \u00fcber die Website der <strong><a href=\"https:\/\/www.tghochheim.de\/index.php\/abteilungen\/abtlgymnastik\/gymnastikgkontakt\" target=\"_blank\" rel=\"noopener\">TG Hochheim<\/a><\/strong> (Kontakt, Mail, Tel) erfolgen!<\/p>\n<p><strong>Meine Ausfall-Termine sind:<\/strong><\/p>\n<p>Vom 25.10.2025 bis zum 10.11.2025<br \/><br \/><\/p>\n<p>\u00a0<\/p>\n<p><strong>Vertretungen<\/strong><\/p>\n<p>An den nachfolgenden Tagen habe ich Vertretungsstunden \u00fcbernommen:<\/p>\n<p>Zur Zeit keine Eintr\u00e4ge\u00a0\u00a0<\/p>\n<p><strong>Meine Workshops<\/strong><\/p>\n<p>Zur Zeit keine Eintr\u00e4ge<\/p>\n<p><strong>F\u00fcr Neueinsteiger<\/strong><\/p>\n<p>F\u00fcr <strong>Neueinsteiger<\/strong> in meine \u00dcbungsstunden habe ich ein Infoblatt erstellt. Dieses kann \u00fcber nachstehenden Link heruntergeladen oder gelesen werden:<br \/><a href=\"https:\/\/sperzelhp.de\/?p=1144\" target=\"_blank\" rel=\"noopener\">Yoga-Infoblatt f\u00fcr Neueinsteiger<\/a><\/p>\n<p><strong>Datenschutzerk\u00e4rung<\/strong><\/p>\n<p>Unter dem Men\u00fc \u201cInfo\u201d erscheint nach dem Anleuchten durch den Mauszeiger der Button zum \u00d6ffnen der gesetzlich vorgeschriebene <strong>Datenschutzerkl\u00e4rung<\/strong> f\u00fcr diese Webseite. Bei der Nutzung des <strong>Facebook oder Twitter-Buttons<\/strong> m\u00fcssen Sie sich immer erst unter ihrem Account bei dem jeweiligen sozialen Netzwerk anmelden, so das diese Inhalte dann nicht mehr in meinen Verantwortungsbereich fallen.<\/p>\n<p><strong>Zen-Meditation<\/strong><\/p>\n<p>Zur Zeit biete ich aus Zeitgr\u00fcnden keine regelm\u00e4\u00dfigen Zen-Treffen bei mir zu Hause an. Einzeltreffen sind aber weiterhin m\u00f6glich. Dazu bedarf es einer Terminabsprache.<\/p>\n<p><strong>Textseiten<\/strong><\/p>\n<p>Die Textseiten habe ich im Dez 2020 grundlegend \u00fcberarbeitet. Hinzugekommen sind Texte, die meinen Unterricht beschreiben und Definitionen und Hinweise liefern, mit denen mein Unterricht und seine Inhalte besser verstanden werden k\u00f6nnen. Diese Seiten werden auch in Zukunft regelm\u00e4\u00dfig \u00fcberarbeitet, sind also niemals fertig. Fertig zu sein hei\u00dft f\u00fcr mich aufzuh\u00f6ren zu lernen. Das kommt nicht in Frage!<\/p>\n<div class=\"pdfprnt-buttons pdfprnt-buttons-page pdfprnt-bottom-right\"><a href=\"https:\/\/sperzelhp.de\/index.php?rest_route=%2Fwp%2Fv2%2Fpages%2F1240&print=pdf\" class=\"pdfprnt-button pdfprnt-button-pdf\" target=\"_blank\" ><img decoding=\"async\" src=\"https:\/\/sperzelhp.de\/wp-content\/plugins\/pdf-print\/images\/pdf.png\" alt=\"image_pdf\" title=\"PDF anzeigen\" \/><\/a><a href=\"https:\/\/sperzelhp.de\/index.php?rest_route=%2Fwp%2Fv2%2Fpages%2F1240&print=print\" class=\"pdfprnt-button pdfprnt-button-print\" target=\"_blank\" ><img decoding=\"async\" src=\"https:\/\/sperzelhp.de\/wp-content\/plugins\/pdf-print\/images\/print.png\" alt=\"image_print\" title=\"Inhalt drucken\" \/><\/a><\/div>","protected":false},"excerpt":{"rendered":"<p>Aktuelle Informationen und Hinweise:aktualisiert am 08. Sep 2025 Einzelunterricht ist nach R\u00fccksprache wieder m\u00f6glich. Die M\u00f6glichkeit, \u00fcber Jit.si-meet zu einem Gespr\u00e4ch mit mir und zusammenzukommen,<\/p>\n","protected":false},"author":1,"featured_media":0,"parent":0,"menu_order":0,"comment_status":"closed","ping_status":"closed","template":"","meta":{"footnotes":"","_links_to":"","_links_to_target":""},"class_list":["post-1240","page","type-page","status-publish","hentry"],"_links":{"self":[{"href":"https:\/\/sperzelhp.de\/index.php?rest_route=\/wp\/v2\/pages\/1240","targetHints":{"allow":["GET"]}}],"collection":[{"href":"https:\/\/sperzelhp.de\/index.php?rest_route=\/wp\/v2\/pages"}],"about":[{"href":"https:\/\/sperzelhp.de\/index.php?rest_route=\/wp\/v2\/types\/page"}],"author":[{"embeddable":true,"href":"https:\/\/sperzelhp.de\/index.php?rest_route=\/wp\/v2\/users\/1"}],"replies":[{"embeddable":true,"href":"https:\/\/sperzelhp.de\/index.php?rest_route=%2Fwp%2Fv2%2Fcomments&post=1240"}],"version-history":[{"count":27,"href":"https:\/\/sperzelhp.de\/index.php?rest_route=\/wp\/v2\/pages\/1240\/revisions"}],"predecessor-version":[{"id":1357,"href":"https:\/\/sperzelhp.de\/index.php?rest_route=\/wp\/v2\/pages\/1240\/revisions\/1357"}],"wp:attachment":[{"href":"https:\/\/sperzelhp.de\/index.php?rest_route=%2Fwp%2Fv2%2Fmedia&parent=1240"}],"curies":[{"name":"wp","href":"https:\/\/api.w.org\/{rel}","templated":true}]}}